{"version":"1.0","provider_name":"METRICA","provider_url":"https:\/\/www.metrica-global.com\/en\/","author_name":"desarrollo","author_url":"https:\/\/www.metrica-global.com\/en\/author\/desarrollo\/","title":"D\u00eda Europeo de la Protecci\u00f3n de Datos - METRICA","type":"rich","width":600,"height":338,"html":"<blockquote class=\"wp-embedded-content\" data-secret=\"JJSFQya0rM\"><a href=\"https:\/\/www.metrica-global.com\/en\/dia-europeo-de-la-proteccion-de-datos\/\">D\u00eda Europeo de la Protecci\u00f3n de Datos<\/a><\/blockquote><iframe sandbox=\"allow-scripts\" security=\"restricted\" src=\"https:\/\/www.metrica-global.com\/en\/dia-europeo-de-la-proteccion-de-datos\/embed\/#?secret=JJSFQya0rM\" width=\"600\" height=\"338\" title=\"&#8220;D\u00eda Europeo de la Protecci\u00f3n de Datos&#8221; &#8212; METRICA\" data-secret=\"JJSFQya0rM\" frameborder=\"0\" marginwidth=\"0\" marginheight=\"0\" scrolling=\"no\" class=\"wp-embedded-content\"><\/iframe><script>\n\/*! This file is auto-generated *\/\n!function(d,l){\"use strict\";l.querySelector&&d.addEventListener&&\"undefined\"!=typeof URL&&(d.wp=d.wp||{},d.wp.receiveEmbedMessage||(d.wp.receiveEmbedMessage=function(e){var t=e.data;if((t||t.secret||t.message||t.value)&&!\/[^a-zA-Z0-9]\/.test(t.secret)){for(var s,r,n,a=l.querySelectorAll('iframe[data-secret=\"'+t.secret+'\"]'),o=l.querySelectorAll('blockquote[data-secret=\"'+t.secret+'\"]'),c=new RegExp(\"^https?:$\",\"i\"),i=0;i<o.length;i++)o[i].style.display=\"none\";for(i=0;i<a.length;i++)s=a[i],e.source===s.contentWindow&&(s.removeAttribute(\"style\"),\"height\"===t.message?(1e3<(r=parseInt(t.value,10))?r=1e3:~~r<200&&(r=200),s.height=r):\"link\"===t.message&&(r=new URL(s.getAttribute(\"src\")),n=new URL(t.value),c.test(n.protocol))&&n.host===r.host&&l.activeElement===s&&(d.top.location.href=t.value))}},d.addEventListener(\"message\",d.wp.receiveEmbedMessage,!1),l.addEventListener(\"DOMContentLoaded\",function(){for(var e,t,s=l.querySelectorAll(\"iframe.wp-embedded-content\"),r=0;r<s.length;r++)(t=(e=s[r]).getAttribute(\"data-secret\"))||(t=Math.random().toString(36).substring(2,12),e.src+=\"#?secret=\"+t,e.setAttribute(\"data-secret\",t)),e.contentWindow.postMessage({message:\"ready\",secret:t},\"*\")},!1)))}(window,document);\n<\/script>\n","thumbnail_url":"https:\/\/www.metrica-global.com\/wp-content\/uploads\/2024\/01\/concepto-collage-control-calidad-estandar-scaled-1.jpg","thumbnail_width":2560,"thumbnail_height":1828,"description":"El 28 de enero se celebra el D\u00eda Europeo de la Protecci\u00f3n de datos a causa de que ese mismo d\u00eda en 1981 se firm\u00f3 el Convenio 108 del Consejo de Europa para la protecci\u00f3n de las personas con respecto al tratamiento automatizado de datos de car\u00e1cter persona. Este d\u00eda, est\u00e1 dedicado a la concienciaci\u00f3n [&hellip;]"}