{"id":6730,"date":"2023-12-14T11:06:35","date_gmt":"2023-12-14T10:06:35","guid":{"rendered":"https:\/\/www.metrica-global.com\/aviso-legal\/"},"modified":"2025-06-13T08:13:22","modified_gmt":"2025-06-13T08:13:22","slug":"aviso-legal","status":"publish","type":"page","link":"https:\/\/www.metrica-global.com\/pe\/aviso-legal\/","title":{"rendered":"Aviso legal"},"content":{"rendered":"\t\t<div data-elementor-type=\"wp-page\" data-elementor-id=\"6730\" class=\"elementor elementor-6730 elementor-22\" data-elementor-post-type=\"page\">\n\t\t\t\t<div class=\"elementor-element elementor-element-17775db e-flex e-con-boxed e-con e-parent\" data-id=\"17775db\" data-element_type=\"container\">\n\t\t\t\t\t<div class=\"e-con-inner\">\n\t\t\t\t<div class=\"elementor-element elementor-element-0d4b601 elementor-widget elementor-widget-heading\" data-id=\"0d4b601\" data-element_type=\"widget\" data-widget_type=\"heading.default\">\n\t\t\t\t<div class=\"elementor-widget-container\">\n\t\t\t\t\t<h1 class=\"elementor-heading-title elementor-size-default\">Aviso Legal<\/h1>\t\t\t\t<\/div>\n\t\t\t\t<\/div>\n\t\t\t\t<div class=\"elementor-element elementor-element-d1029b7 elementor-widget elementor-widget-text-editor\" data-id=\"d1029b7\" data-element_type=\"widget\" data-widget_type=\"text-editor.default\">\n\t\t\t\t<div class=\"elementor-widget-container\">\n\t\t\t\t\t\t\t\t\t<p><strong>Condiciones generales de utilizaci\u00f3n de esta p\u00e1gina web<\/strong><\/p><p>El presente aviso legal recoge las condiciones generales que rigen el acceso y el uso de este sitio web.<\/p><p>El uso de la p\u00e1gina web implica la expresa y plena aceptaci\u00f3n de estas condiciones generales en la versi\u00f3n publicada en el momento en que el usuario acceda al mismo, sin perjuicio de las condiciones particulares que pudieran aplicarse a algunos de los servicios concretos del sitio web.<\/p><p>\u00a0<\/p><p><strong>Pol\u00edtica de Propiedad Intelectual<\/strong><\/p><p>\u00a0M\u00c9TRICA ANDINA SAC. no puede asumir ninguna responsabilidad derivada del uso incorrecto, inapropiado o il\u00edcito de la informaci\u00f3n aparecida en la p\u00e1gina de Internet www.metricaandina.com. Con los l\u00edmites establecidos en la ley, \u00a0M\u00c9TRICA ANDINA SAC. no asume ninguna responsabilidad derivada de la falta de veracidad, integridad, actualizaci\u00f3n y precisi\u00f3n o informaciones que se contienen en sus p\u00e1ginas de Internet.<\/p><p>M\u00c9TRICA ANDINA SAC. no asumir\u00e1 ninguna responsabilidad derivada del uso por terceros del contenido del sitio web y podr\u00e1 ejercitar todas las acciones civiles o penales que le correspondan en caso de infracci\u00f3n de estos derechos por parte del usuario.<\/p><p>Est\u00e1 absolutamente prohibido, el uso de la web o de alguno de sus elementos con fines comerciales o il\u00edcitos.<\/p><p>La p\u00e1gina de Internet de www.metricaandina.com puede contener enlaces (links) a otras p\u00e1ginas de terceros que M\u00c9TRICA ANDINA SAC. no puede controlar. Por lo tanto, M\u00c9TRICA ANDINA SAC. no puede asumir responsabilidades por el contenido que pueda aparecer en las p\u00e1ginas de terceros.<\/p><p>Los textos, im\u00e1genes, sonidos, animaciones, software, dise\u00f1o, c\u00f3digo de fuente y el resto de contenidos incluidos en www.metricaandina.com son propiedad exclusiva de M\u00c9TRICA ANDINA SAC. o de sus propietarios. Cualquier acto de transmisi\u00f3n, modificaci\u00f3n, distribuci\u00f3n, cesi\u00f3n, reproducci\u00f3n, almacenamiento o comunicaci\u00f3n p\u00fablica total o parcial, debe contar con el consentimiento expreso de CLIENTE.<\/p><p>\u00a0<\/p><p><strong>Enlaces con otros sitios WEB<\/strong><\/p><p>M\u00c9TRICA ANDINA SAC. ofrece enlaces con otros sitios Web que entendemos que pueden ser de utilidad para los usuarios.<\/p><p>En los mencionados enlaces no se aplica los t\u00e9rminos y condiciones de esta pol\u00edtica de privacidad y confidencialidad por tanto la inclusi\u00f3n no implica obligaci\u00f3n por parte de M\u00c9TRICA ANDINA SAC. de acceder a los productos o servicios que en ellas se anuncian o venden.<\/p><p>\u00a0<\/p><p><strong>Uso de COOKIES<\/strong><\/p><p>En nuestra p\u00e1gina WEB utilizamos \u00abcookies\u00bb para facilitar el acceso de nuestros usuarios a nuestros servicios. Las \u00abcookies\u00bb son unos peque\u00f1os ficheros de texto introducidos por un sitio web en el disco duro, que agilizan y optimizan el uso de la web. Las \u00abcookies\u00bb almacenan informaci\u00f3n sobre las referencias de un usuario para un determinado sitio web. En ning\u00fan caso las \u00abcookies\u00bb almacenan informaci\u00f3n referente a datos personales de los usuarios.<\/p><p>El usuario puede configurar su navegador para ser avisado de la recepci\u00f3n de \u00abcookies\u00bb as\u00ed como para aceptar o rechazar las \u00abcookies\u00bb, para ampliar est\u00e1 informaci\u00f3n consulte las gu\u00edas de ayuda de su navegador. Nuestras \u00abcookies\u00bb no se pueden utilizar para ejecutar programas o transmitir virus al equipo inform\u00e1tico del usuario.<\/p><p>\u00a0<\/p><p><strong><u>Informaci\u00f3n para dar Cumplimento a la Reglamento Europeo de protecci\u00f3n de datos:<\/u><\/strong><\/p><p><strong>RESPONSABLE:<\/strong><\/p><p>Titular: M\u00c9TRICA ANDINA SAC.<\/p><p>Direcci\u00f3n:\u00a0Av. del Pinar 180, Santiago de Surco 15038. LIMA.<\/p><p>Tel: +51\u00a0977 949 642<\/p><p>RUC: 20557509802<\/p><p><strong>FINALIDAD:<\/strong><\/p><p>En M\u00c9TRICA ANDINA SAC.\u00a0tratamos la informaci\u00f3n que nos facilitan las personas interesadas con el fin de gestionar el env\u00edo de la informaci\u00f3n que nos soliciten y facilitar a los interesados ofertas de productos y servicios de su inter\u00e9s.<\/p><p>Con el fin de mejorar su experiencia de usuario, elaboraremos un \u201cperfil comercial\u201d, en base a la informaci\u00f3n facilitada. No se tomar\u00e1n decisiones automatizadas en base a dicho perfil.<\/p><p>Los datos personales proporcionados se conservar\u00e1n mientras no se solicite su supresi\u00f3n por el interesado.<\/p><p><strong>LEGITIMACI\u00d3N:<\/strong><\/p><p>La base legal para el tratamiento de sus datos es la ejecuci\u00f3n del contrato mercantil seg\u00fan los t\u00e9rminos y condiciones que constan en el mismo.<\/p><p>La oferta prospectiva de productos y servicios est\u00e1 basada en el consentimiento que se le solicita, sin que en ning\u00fan caso la retirada de esta consentimiento condicione la ejecuci\u00f3n del contrato de suscripci\u00f3n.<\/p><p><strong>DESTINATARIOS:<\/strong><\/p><p>Estos datos ser\u00e1n cedidos a otras entidades con las que el la empresa concierte directa o indirectamente la prestaci\u00f3n de un servicio relativo a las funciones leg\u00edtimas de la empresa.<\/p><p><strong>DERECHOS:<\/strong><\/p><ul><li>Cualquier persona tiene derecho a obtener confirmaci\u00f3n sobre si en M\u00c9TRICA ANDINA SAC.\u00a0estamos tratando datos personales que les conciernan, o no.<\/li><li>Las personas interesadas tienen derecho a si acceder a sus datos personales, as\u00ed como a solicitar la rectificaci\u00f3n de los datos inexactos o, en su caso, solicitar su supresi\u00f3n cuando, entre otros motivos, los datos ya no sean necesarios para los fines que fueron recogidos.<\/li><li>En determinadas circunstancias, los interesados podr\u00e1n solicitar la limitaci\u00f3n del tratamiento de sus datos, en cuyo caso \u00fanicamente los conservaremos para el ejercicio o la defensa de reclamaciones.<\/li><li>En determinadas circunstancias y por motivos relacionados con su situaci\u00f3n particular, los interesados podr\u00e1n oponerse al tratamiento de sus datos. M\u00c9TRICA ANDINA SAC.\u00a0dejar\u00e1 de tratar los datos, salvo por motivos leg\u00edtimos imperiosos, o el ejercicio o la defensa de posibles reclamaciones.<\/li><li>Las personas interesadas tienen derecho a la portabilidad, que implica que los datos personales del interesado se transmitan directamente de un responsable a otro, sin necesidad de que sean transmitidos previamente al propio interesado, siempre que ello sea t\u00e9cnicamente posible.<\/li><li>Las personas interesadas tienen derecho a retirar el consentimiento prestado.<\/li><li>Las personas interesadas tienen derecho a reclamar ante la Autoridad de Control.<\/li><\/ul><p>\u00a0<\/p>\t\t\t\t\t\t\t\t<\/div>\n\t\t\t\t<\/div>\n\t\t\t\t\t<\/div>\n\t\t\t\t<\/div>\n\t\t\t\t<\/div>\n\t\t","protected":false},"excerpt":{"rendered":"<p>Aviso Legal Condiciones generales de utilizaci\u00f3n de esta p\u00e1gina web El presente aviso legal recoge las condiciones generales que rigen el acceso y el uso de este sitio web. El uso de la p\u00e1gina web implica la expresa y plena aceptaci\u00f3n de estas condiciones generales en la versi\u00f3n publicada en el momento en que el [&hellip;]<\/p>\n","protected":false},"author":1,"featured_media":0,"parent":0,"menu_order":0,"comment_status":"closed","ping_status":"closed","template":"elementor_header_footer","meta":{"content-type":"","footnotes":""},"class_list":["post-6730","page","type-page","status-publish","hentry"],"yoast_head":"<!-- This site is optimized with the Yoast SEO plugin v25.9 - https:\/\/yoast.com\/wordpress\/plugins\/seo\/ -->\n<title>Aviso legal - METRICA<\/title>\n<meta name=\"robots\" content=\"index, follow, max-snippet:-1, max-image-preview:large, max-video-preview:-1\" \/>\n<link rel=\"canonical\" href=\"https:\/\/www.metrica-global.com\/pe\/aviso-legal\/\" \/>\n<meta property=\"og:locale\" content=\"es_ES\" \/>\n<meta property=\"og:type\" content=\"article\" \/>\n<meta property=\"og:title\" content=\"Aviso legal - METRICA\" \/>\n<meta property=\"og:description\" content=\"Aviso Legal Condiciones generales de utilizaci\u00f3n de esta p\u00e1gina web El presente aviso legal recoge las condiciones generales que rigen el acceso y el uso de este sitio web. El uso de la p\u00e1gina web implica la expresa y plena aceptaci\u00f3n de estas condiciones generales en la versi\u00f3n publicada en el momento en que el [&hellip;]\" \/>\n<meta property=\"og:url\" content=\"https:\/\/www.metrica-global.com\/pe\/aviso-legal\/\" \/>\n<meta property=\"og:site_name\" content=\"METRICA\" \/>\n<meta property=\"article:modified_time\" content=\"2025-06-13T08:13:22+00:00\" \/>\n<meta name=\"twitter:card\" content=\"summary_large_image\" \/>\n<meta name=\"twitter:label1\" content=\"Est. reading time\" \/>\n\t<meta name=\"twitter:data1\" content=\"5 minutes\" \/>\n<script type=\"application\/ld+json\" class=\"yoast-schema-graph\">{\"@context\":\"https:\/\/schema.org\",\"@graph\":[{\"@type\":\"WebPage\",\"@id\":\"https:\/\/www.metrica-global.com\/pe\/aviso-legal\/\",\"url\":\"https:\/\/www.metrica-global.com\/pe\/aviso-legal\/\",\"name\":\"Aviso legal - METRICA\",\"isPartOf\":{\"@id\":\"https:\/\/www.metrica-global.com\/#website\"},\"datePublished\":\"2023-12-14T10:06:35+00:00\",\"dateModified\":\"2025-06-13T08:13:22+00:00\",\"breadcrumb\":{\"@id\":\"https:\/\/www.metrica-global.com\/pe\/aviso-legal\/#breadcrumb\"},\"inLanguage\":\"es-PE\",\"potentialAction\":[{\"@type\":\"ReadAction\",\"target\":[\"https:\/\/www.metrica-global.com\/pe\/aviso-legal\/\"]}]},{\"@type\":\"BreadcrumbList\",\"@id\":\"https:\/\/www.metrica-global.com\/pe\/aviso-legal\/#breadcrumb\",\"itemListElement\":[{\"@type\":\"ListItem\",\"position\":1,\"name\":\"Portada\",\"item\":\"https:\/\/www.metrica-global.com\/en\/\"},{\"@type\":\"ListItem\",\"position\":2,\"name\":\"Aviso legal\"}]},{\"@type\":\"WebSite\",\"@id\":\"https:\/\/www.metrica-global.com\/#website\",\"url\":\"https:\/\/www.metrica-global.com\/\",\"name\":\"METRICA\",\"description\":\"Servicios Globales IT\",\"publisher\":{\"@id\":\"https:\/\/www.metrica-global.com\/#organization\"},\"potentialAction\":[{\"@type\":\"SearchAction\",\"target\":{\"@type\":\"EntryPoint\",\"urlTemplate\":\"https:\/\/www.metrica-global.com\/?s={search_term_string}\"},\"query-input\":{\"@type\":\"PropertyValueSpecification\",\"valueRequired\":true,\"valueName\":\"search_term_string\"}}],\"inLanguage\":\"es-PE\"},{\"@type\":\"Organization\",\"@id\":\"https:\/\/www.metrica-global.com\/#organization\",\"name\":\"METRICA\",\"url\":\"https:\/\/www.metrica-global.com\/\",\"logo\":{\"@type\":\"ImageObject\",\"inLanguage\":\"es-PE\",\"@id\":\"https:\/\/www.metrica-global.com\/#\/schema\/logo\/image\/\",\"url\":\"https:\/\/www.metrica-global.com\/wp-content\/uploads\/2023\/12\/logo-metrica.png\",\"contentUrl\":\"https:\/\/www.metrica-global.com\/wp-content\/uploads\/2023\/12\/logo-metrica.png\",\"width\":332,\"height\":58,\"caption\":\"METRICA\"},\"image\":{\"@id\":\"https:\/\/www.metrica-global.com\/#\/schema\/logo\/image\/\"}}]}<\/script>\n<!-- \/ Yoast SEO plugin. -->","yoast_head_json":{"title":"Aviso legal - METRICA","robots":{"index":"index","follow":"follow","max-snippet":"max-snippet:-1","max-image-preview":"max-image-preview:large","max-video-preview":"max-video-preview:-1"},"canonical":"https:\/\/www.metrica-global.com\/pe\/aviso-legal\/","og_locale":"es_ES","og_type":"article","og_title":"Aviso legal - METRICA","og_description":"Aviso Legal Condiciones generales de utilizaci\u00f3n de esta p\u00e1gina web El presente aviso legal recoge las condiciones generales que rigen el acceso y el uso de este sitio web. El uso de la p\u00e1gina web implica la expresa y plena aceptaci\u00f3n de estas condiciones generales en la versi\u00f3n publicada en el momento en que el [&hellip;]","og_url":"https:\/\/www.metrica-global.com\/pe\/aviso-legal\/","og_site_name":"METRICA","article_modified_time":"2025-06-13T08:13:22+00:00","twitter_card":"summary_large_image","twitter_misc":{"Est. reading time":"5 minutes"},"schema":{"@context":"https:\/\/schema.org","@graph":[{"@type":"WebPage","@id":"https:\/\/www.metrica-global.com\/pe\/aviso-legal\/","url":"https:\/\/www.metrica-global.com\/pe\/aviso-legal\/","name":"Aviso legal - METRICA","isPartOf":{"@id":"https:\/\/www.metrica-global.com\/#website"},"datePublished":"2023-12-14T10:06:35+00:00","dateModified":"2025-06-13T08:13:22+00:00","breadcrumb":{"@id":"https:\/\/www.metrica-global.com\/pe\/aviso-legal\/#breadcrumb"},"inLanguage":"es-PE","potentialAction":[{"@type":"ReadAction","target":["https:\/\/www.metrica-global.com\/pe\/aviso-legal\/"]}]},{"@type":"BreadcrumbList","@id":"https:\/\/www.metrica-global.com\/pe\/aviso-legal\/#breadcrumb","itemListElement":[{"@type":"ListItem","position":1,"name":"Portada","item":"https:\/\/www.metrica-global.com\/en\/"},{"@type":"ListItem","position":2,"name":"Aviso legal"}]},{"@type":"WebSite","@id":"https:\/\/www.metrica-global.com\/#website","url":"https:\/\/www.metrica-global.com\/","name":"METRICA","description":"Servicios Globales IT","publisher":{"@id":"https:\/\/www.metrica-global.com\/#organization"},"potentialAction":[{"@type":"SearchAction","target":{"@type":"EntryPoint","urlTemplate":"https:\/\/www.metrica-global.com\/?s={search_term_string}"},"query-input":{"@type":"PropertyValueSpecification","valueRequired":true,"valueName":"search_term_string"}}],"inLanguage":"es-PE"},{"@type":"Organization","@id":"https:\/\/www.metrica-global.com\/#organization","name":"METRICA","url":"https:\/\/www.metrica-global.com\/","logo":{"@type":"ImageObject","inLanguage":"es-PE","@id":"https:\/\/www.metrica-global.com\/#\/schema\/logo\/image\/","url":"https:\/\/www.metrica-global.com\/wp-content\/uploads\/2023\/12\/logo-metrica.png","contentUrl":"https:\/\/www.metrica-global.com\/wp-content\/uploads\/2023\/12\/logo-metrica.png","width":332,"height":58,"caption":"METRICA"},"image":{"@id":"https:\/\/www.metrica-global.com\/#\/schema\/logo\/image\/"}}]}},"_links":{"self":[{"href":"https:\/\/www.metrica-global.com\/pe\/wp-json\/wp\/v2\/pages\/6730","targetHints":{"allow":["GET"]}}],"collection":[{"href":"https:\/\/www.metrica-global.com\/pe\/wp-json\/wp\/v2\/pages"}],"about":[{"href":"https:\/\/www.metrica-global.com\/pe\/wp-json\/wp\/v2\/types\/page"}],"author":[{"embeddable":true,"href":"https:\/\/www.metrica-global.com\/pe\/wp-json\/wp\/v2\/users\/1"}],"replies":[{"embeddable":true,"href":"https:\/\/www.metrica-global.com\/pe\/wp-json\/wp\/v2\/comments?post=6730"}],"version-history":[{"count":4,"href":"https:\/\/www.metrica-global.com\/pe\/wp-json\/wp\/v2\/pages\/6730\/revisions"}],"predecessor-version":[{"id":6740,"href":"https:\/\/www.metrica-global.com\/pe\/wp-json\/wp\/v2\/pages\/6730\/revisions\/6740"}],"wp:attachment":[{"href":"https:\/\/www.metrica-global.com\/pe\/wp-json\/wp\/v2\/media?parent=6730"}],"curies":[{"name":"wp","href":"https:\/\/api.w.org\/{rel}","templated":true}]}}