{"id":6767,"date":"2023-12-14T11:11:16","date_gmt":"2023-12-14T10:11:16","guid":{"rendered":"https:\/\/www.metrica-global.com\/politica-de-privacidad\/"},"modified":"2025-08-01T09:19:52","modified_gmt":"2025-08-01T07:19:52","slug":"politica-de-privacidade","status":"publish","type":"page","link":"https:\/\/www.metrica-global.com\/pt\/politica-de-privacidade\/","title":{"rendered":"Pol\u00edtica de privacidade"},"content":{"rendered":"\t\t<div data-elementor-type=\"wp-page\" data-elementor-id=\"6767\" class=\"elementor elementor-6767 elementor-26\" data-elementor-post-type=\"page\">\n\t\t\t\t<div class=\"elementor-element elementor-element-17775db e-flex e-con-boxed e-con e-parent\" data-id=\"17775db\" data-element_type=\"container\">\n\t\t\t\t\t<div class=\"e-con-inner\">\n\t\t\t\t<div class=\"elementor-element elementor-element-0d4b601 elementor-widget elementor-widget-heading\" data-id=\"0d4b601\" data-element_type=\"widget\" data-widget_type=\"heading.default\">\n\t\t\t\t<div class=\"elementor-widget-container\">\n\t\t\t\t\t<h1 class=\"elementor-heading-title elementor-size-default\">Pol\u00edtica de privacidad<\/h1>\t\t\t\t<\/div>\n\t\t\t\t<\/div>\n\t\t\t\t<div class=\"elementor-element elementor-element-d1029b7 elementor-widget elementor-widget-text-editor\" data-id=\"d1029b7\" data-element_type=\"widget\" data-widget_type=\"text-editor.default\">\n\t\t\t\t<div class=\"elementor-widget-container\">\n\t\t\t\t\t\t\t\t\t<p data-start=\"124\" data-end=\"542\">M\u00c9TRICA CONSULTING S.L., como respons\u00e1vel pelo tratamento dos seus dados, em conformidade com o disposto no REGULAMENTO (UE) 2016\/679, de 27 de abril de 2016, relativo \u00e0 prote\u00e7\u00e3o das pessoas singulares no que diz respeito ao tratamento de dados pessoais e \u00e0 livre circula\u00e7\u00e3o desses dados, bem como com a Lei Org\u00e2nica 3\/2018, de 5 de dezembro, sobre Prote\u00e7\u00e3o de Dados Pessoais e garantia dos direitos digitais, informa:<\/p><hr data-start=\"544\" data-end=\"547\"><h3 data-start=\"549\" data-end=\"581\">RESPONS\u00c1VEL PELO TRATAMENTO:<\/h3><p data-start=\"583\" data-end=\"770\"><strong data-start=\"583\" data-end=\"595\">Titular:<\/strong> M\u00c9TRICA CONSULTING S.L.<br data-start=\"619\" data-end=\"622\">\n<strong data-start=\"622\" data-end=\"635\">Endere\u00e7o:<\/strong> Ctra. Fuencarral a Alcobendas, 20, 28049 Madrid.<br data-start=\"684\" data-end=\"687\">\n<strong data-start=\"687\" data-end=\"700\">Telefone:<\/strong> (+34) 91 382 05 25<br data-start=\"719\" data-end=\"722\">\n<strong data-start=\"722\" data-end=\"730\">NIF:<\/strong> B-82580317<br data-start=\"741\" data-end=\"744\">\n<strong data-start=\"744\" data-end=\"754\">Email:<\/strong> <a data-start=\"755\" data-end=\"770\" class=\"cursor-pointer\" rel=\"noopener\">rgpd@metrica.es<\/a><\/p><hr data-start=\"772\" data-end=\"775\"><h3 data-start=\"777\" data-end=\"806\">FINALIDADE DO TRATAMENTO:<\/h3><p data-start=\"808\" data-end=\"969\">Os dados pessoais recolhidos correspondem a dados identificativos (nome, telefone e e-mail) e dados profissionais, e ser\u00e3o tratados com as seguintes finalidades:<\/p><ul data-start=\"971\" data-end=\"1377\">\n<li data-start=\"971\" data-end=\"1116\">\n<p data-start=\"973\" data-end=\"1116\">Gerir qualquer tipo de pedido, sugest\u00e3o ou solicita\u00e7\u00e3o relacionada com os nossos servi\u00e7os profissionais que seja efetuada pelos interessados.<\/p>\n<\/li>\n<li data-start=\"1117\" data-end=\"1319\">\n<p data-start=\"1119\" data-end=\"1319\">Comunica\u00e7\u00f5es comerciais: tratamento dos seus dados com o objetivo de o informar sobre atividades, artigos de interesse e informa\u00e7\u00e3o geral relativa aos nossos servi\u00e7os, atrav\u00e9s de correio eletr\u00f3nico.<\/p>\n<\/li>\n<li data-start=\"1320\" data-end=\"1377\">\n<p data-start=\"1322\" data-end=\"1377\">Gest\u00e3o do seu curr\u00edculo para processos de recrutamento.<\/p>\n<\/li>\n<\/ul><hr data-start=\"1379\" data-end=\"1382\"><h3 data-start=\"1384\" data-end=\"1410\">CONSERVA\u00c7\u00c3O DOS DADOS:<\/h3><p data-start=\"1412\" data-end=\"1608\">Os dados recolhidos para responder \u00e0 sua solicita\u00e7\u00e3o, pedido ou consulta sobre os nossos produtos e servi\u00e7os ser\u00e3o conservados por tempo indefinido, at\u00e9 que manifeste a sua vontade de os eliminar.<\/p><p data-start=\"1610\" data-end=\"1696\">O seu curr\u00edculo ser\u00e1 conservado por tempo indefinido, salvo manifesta\u00e7\u00e3o em contr\u00e1rio.<\/p><hr data-start=\"1698\" data-end=\"1701\"><h3 data-start=\"1703\" data-end=\"1719\">LEGITIMA\u00c7\u00c3O:<\/h3><p data-start=\"1721\" data-end=\"1822\">A oferta de produtos e servi\u00e7os e a gest\u00e3o das suas solicita\u00e7\u00f5es baseiam-se no seu <strong data-start=\"1804\" data-end=\"1821\">consentimento<\/strong>.<\/p><p data-start=\"1824\" data-end=\"1958\">A gest\u00e3o do seu curr\u00edculo baseia-se no consentimento do titular dos dados e\/ou na aplica\u00e7\u00e3o, a seu pedido, de medidas pr\u00e9-contratuais.<\/p><hr data-start=\"1960\" data-end=\"1963\"><h3 data-start=\"1965\" data-end=\"1983\">DESTINAT\u00c1RIOS:<\/h3><p data-start=\"1985\" data-end=\"2231\">Os dados poder\u00e3o ser comunicados a outras entidades com as quais a empresa tenha acordado, direta ou indiretamente, a presta\u00e7\u00e3o de servi\u00e7os relacionados com as suas fun\u00e7\u00f5es leg\u00edtimas. <strong data-start=\"2169\" data-end=\"2231\">N\u00e3o s\u00e3o realizadas transfer\u00eancias internacionais de dados.<\/strong><\/p><hr data-start=\"2233\" data-end=\"2236\"><h3 data-start=\"2238\" data-end=\"2265\">DIREITOS DOS TITULARES:<\/h3><p data-start=\"2267\" data-end=\"2352\">Pode exercer os seguintes direitos atrav\u00e9s do endere\u00e7o de e-mail: <strong data-start=\"2333\" data-end=\"2352\"><a data-start=\"2335\" data-end=\"2350\" class=\"cursor-pointer\" rel=\"noopener\">rgpd@metrica.es<\/a><\/strong><\/p><p>\n\n\n\n\n\n\n\n\n\n\n\n\n\n\n\n\n\n\n\n\n\n<\/p><ul data-start=\"2354\" data-end=\"3696\">\n<li data-start=\"2354\" data-end=\"2436\">\n<p data-start=\"2356\" data-end=\"2436\">Obter confirma\u00e7\u00e3o sobre se os seus dados pessoais est\u00e3o a ser tratados ou n\u00e3o.<\/p>\n<\/li>\n<li data-start=\"2437\" data-end=\"2643\">\n<p data-start=\"2439\" data-end=\"2643\">Aceder aos seus dados pessoais, solicitar a retifica\u00e7\u00e3o de dados inexatos ou, se for o caso, solicitar a elimina\u00e7\u00e3o quando os dados deixem de ser necess\u00e1rios para os fins para os quais foram recolhidos.<\/p>\n<\/li>\n<li data-start=\"2644\" data-end=\"2816\">\n<p data-start=\"2646\" data-end=\"2816\">Em determinadas circunst\u00e2ncias, poder\u00e1 solicitar a <strong data-start=\"2697\" data-end=\"2710\">limita\u00e7\u00e3o<\/strong> do tratamento dos seus dados, sendo estes conservados apenas para o exerc\u00edcio ou defesa de reclama\u00e7\u00f5es.<\/p>\n<\/li>\n<li data-start=\"2817\" data-end=\"3058\">\n<p data-start=\"2819\" data-end=\"3058\">Opor-se ao tratamento dos seus dados por motivos relacionados com a sua situa\u00e7\u00e3o particular. Nesses casos, deixaremos de tratar os seus dados, salvo por motivos leg\u00edtimos imperiosos ou para o exerc\u00edcio ou defesa de poss\u00edveis reclama\u00e7\u00f5es.<\/p>\n<\/li>\n<li data-start=\"3059\" data-end=\"3237\">\n<p data-start=\"3061\" data-end=\"3237\">Exercer o direito \u00e0 <strong data-start=\"3081\" data-end=\"3098\">portabilidade<\/strong>, o que implica que os seus dados sejam transmitidos diretamente de um respons\u00e1vel para outro, sempre que tal seja tecnicamente poss\u00edvel.<\/p>\n<\/li>\n<li data-start=\"3238\" data-end=\"3294\">\n<p data-start=\"3240\" data-end=\"3294\">Retirar o consentimento prestado a qualquer momento.<\/p>\n<\/li>\n<li data-start=\"3295\" data-end=\"3696\">\n<p data-start=\"3297\" data-end=\"3696\">Apresentar uma reclama\u00e7\u00e3o junto da <strong data-start=\"3332\" data-end=\"3358\">Autoridade de Controlo<\/strong>: caso considere que os seus direitos n\u00e3o foram respeitados, poder\u00e1 apresentar uma reclama\u00e7\u00e3o escrita \u00e0 Ag\u00eancia Espanhola de Prote\u00e7\u00e3o de Dados (AEPD), sita na Calle Jorge Juan, 6, 28001 Madrid, ou utilizar a sede eletr\u00f3nica: <a data-start=\"3583\" data-end=\"3633\" class=\"\" rel=\"noopener\" target=\"_new\" href=\"https:\/\/sedeagpd.gob.es\">https:\/\/sedeagpd.gob.es<\/a>. Em ambos os casos, dever\u00e1 acompanhar a documenta\u00e7\u00e3o adequada.<\/p>\n<\/li>\n<\/ul>\t\t\t\t\t\t\t\t<\/div>\n\t\t\t\t<\/div>\n\t\t\t\t\t<\/div>\n\t\t\t\t<\/div>\n\t\t\t\t<\/div>\n\t\t","protected":false},"excerpt":{"rendered":"<p>Pol\u00edtica de privacidad M\u00c9TRICA CONSULTING S.L., como respons\u00e1vel pelo tratamento dos seus dados, em conformidade com o disposto no REGULAMENTO (UE) 2016\/679, de 27 de abril de 2016, relativo \u00e0 prote\u00e7\u00e3o das pessoas singulares no que diz respeito ao tratamento de dados pessoais e \u00e0 livre circula\u00e7\u00e3o desses dados, bem como com a Lei Org\u00e2nica [&hellip;]<\/p>\n","protected":false},"author":1,"featured_media":0,"parent":0,"menu_order":0,"comment_status":"closed","ping_status":"closed","template":"elementor_header_footer","meta":{"content-type":"","footnotes":""},"class_list":["post-6767","page","type-page","status-publish","hentry"],"yoast_head":"<!-- This site is optimized with the Yoast SEO plugin v25.9 - https:\/\/yoast.com\/wordpress\/plugins\/seo\/ -->\n<title>Pol\u00edtica de privacidade - METRICA<\/title>\n<meta name=\"robots\" content=\"index, follow, max-snippet:-1, max-image-preview:large, max-video-preview:-1\" \/>\n<link rel=\"canonical\" href=\"https:\/\/www.metrica-global.com\/pt\/politica-de-privacidade\/\" \/>\n<meta property=\"og:locale\" content=\"pt_PT\" \/>\n<meta property=\"og:type\" content=\"article\" \/>\n<meta property=\"og:title\" content=\"Pol\u00edtica de privacidade - METRICA\" \/>\n<meta property=\"og:description\" content=\"Pol\u00edtica de privacidad M\u00c9TRICA CONSULTING S.L., como respons\u00e1vel pelo tratamento dos seus dados, em conformidade com o disposto no REGULAMENTO (UE) 2016\/679, de 27 de abril de 2016, relativo \u00e0 prote\u00e7\u00e3o das pessoas singulares no que diz respeito ao tratamento de dados pessoais e \u00e0 livre circula\u00e7\u00e3o desses dados, bem como com a Lei Org\u00e2nica [&hellip;]\" \/>\n<meta property=\"og:url\" content=\"https:\/\/www.metrica-global.com\/pt\/politica-de-privacidade\/\" \/>\n<meta property=\"og:site_name\" content=\"METRICA\" \/>\n<meta property=\"article:modified_time\" content=\"2025-08-01T07:19:52+00:00\" \/>\n<meta name=\"twitter:card\" content=\"summary_large_image\" \/>\n<meta name=\"twitter:label1\" content=\"Est. reading time\" \/>\n\t<meta name=\"twitter:data1\" content=\"3 minutos\" \/>\n<script type=\"application\/ld+json\" class=\"yoast-schema-graph\">{\"@context\":\"https:\/\/schema.org\",\"@graph\":[{\"@type\":\"WebPage\",\"@id\":\"https:\/\/www.metrica-global.com\/pt\/politica-de-privacidade\/\",\"url\":\"https:\/\/www.metrica-global.com\/pt\/politica-de-privacidade\/\",\"name\":\"Pol\u00edtica de privacidade - METRICA\",\"isPartOf\":{\"@id\":\"https:\/\/www.metrica-global.com\/#website\"},\"datePublished\":\"2023-12-14T10:11:16+00:00\",\"dateModified\":\"2025-08-01T07:19:52+00:00\",\"breadcrumb\":{\"@id\":\"https:\/\/www.metrica-global.com\/pt\/politica-de-privacidade\/#breadcrumb\"},\"inLanguage\":\"pt-PT\",\"potentialAction\":[{\"@type\":\"ReadAction\",\"target\":[\"https:\/\/www.metrica-global.com\/pt\/politica-de-privacidade\/\"]}]},{\"@type\":\"BreadcrumbList\",\"@id\":\"https:\/\/www.metrica-global.com\/pt\/politica-de-privacidade\/#breadcrumb\",\"itemListElement\":[{\"@type\":\"ListItem\",\"position\":1,\"name\":\"Portada\",\"item\":\"https:\/\/www.metrica-global.com\/pt\/\"},{\"@type\":\"ListItem\",\"position\":2,\"name\":\"Pol\u00edtica de privacidade\"}]},{\"@type\":\"WebSite\",\"@id\":\"https:\/\/www.metrica-global.com\/#website\",\"url\":\"https:\/\/www.metrica-global.com\/\",\"name\":\"METRICA\",\"description\":\"Servicios Globales IT\",\"publisher\":{\"@id\":\"https:\/\/www.metrica-global.com\/#organization\"},\"potentialAction\":[{\"@type\":\"SearchAction\",\"target\":{\"@type\":\"EntryPoint\",\"urlTemplate\":\"https:\/\/www.metrica-global.com\/?s={search_term_string}\"},\"query-input\":{\"@type\":\"PropertyValueSpecification\",\"valueRequired\":true,\"valueName\":\"search_term_string\"}}],\"inLanguage\":\"pt-PT\"},{\"@type\":\"Organization\",\"@id\":\"https:\/\/www.metrica-global.com\/#organization\",\"name\":\"METRICA\",\"url\":\"https:\/\/www.metrica-global.com\/\",\"logo\":{\"@type\":\"ImageObject\",\"inLanguage\":\"pt-PT\",\"@id\":\"https:\/\/www.metrica-global.com\/#\/schema\/logo\/image\/\",\"url\":\"https:\/\/www.metrica-global.com\/wp-content\/uploads\/2023\/12\/logo-metrica.png\",\"contentUrl\":\"https:\/\/www.metrica-global.com\/wp-content\/uploads\/2023\/12\/logo-metrica.png\",\"width\":332,\"height\":58,\"caption\":\"METRICA\"},\"image\":{\"@id\":\"https:\/\/www.metrica-global.com\/#\/schema\/logo\/image\/\"}}]}<\/script>\n<!-- \/ Yoast SEO plugin. -->","yoast_head_json":{"title":"Pol\u00edtica de privacidade - METRICA","robots":{"index":"index","follow":"follow","max-snippet":"max-snippet:-1","max-image-preview":"max-image-preview:large","max-video-preview":"max-video-preview:-1"},"canonical":"https:\/\/www.metrica-global.com\/pt\/politica-de-privacidade\/","og_locale":"pt_PT","og_type":"article","og_title":"Pol\u00edtica de privacidade - METRICA","og_description":"Pol\u00edtica de privacidad M\u00c9TRICA CONSULTING S.L., como respons\u00e1vel pelo tratamento dos seus dados, em conformidade com o disposto no REGULAMENTO (UE) 2016\/679, de 27 de abril de 2016, relativo \u00e0 prote\u00e7\u00e3o das pessoas singulares no que diz respeito ao tratamento de dados pessoais e \u00e0 livre circula\u00e7\u00e3o desses dados, bem como com a Lei Org\u00e2nica [&hellip;]","og_url":"https:\/\/www.metrica-global.com\/pt\/politica-de-privacidade\/","og_site_name":"METRICA","article_modified_time":"2025-08-01T07:19:52+00:00","twitter_card":"summary_large_image","twitter_misc":{"Est. reading time":"3 minutos"},"schema":{"@context":"https:\/\/schema.org","@graph":[{"@type":"WebPage","@id":"https:\/\/www.metrica-global.com\/pt\/politica-de-privacidade\/","url":"https:\/\/www.metrica-global.com\/pt\/politica-de-privacidade\/","name":"Pol\u00edtica de privacidade - METRICA","isPartOf":{"@id":"https:\/\/www.metrica-global.com\/#website"},"datePublished":"2023-12-14T10:11:16+00:00","dateModified":"2025-08-01T07:19:52+00:00","breadcrumb":{"@id":"https:\/\/www.metrica-global.com\/pt\/politica-de-privacidade\/#breadcrumb"},"inLanguage":"pt-PT","potentialAction":[{"@type":"ReadAction","target":["https:\/\/www.metrica-global.com\/pt\/politica-de-privacidade\/"]}]},{"@type":"BreadcrumbList","@id":"https:\/\/www.metrica-global.com\/pt\/politica-de-privacidade\/#breadcrumb","itemListElement":[{"@type":"ListItem","position":1,"name":"Portada","item":"https:\/\/www.metrica-global.com\/pt\/"},{"@type":"ListItem","position":2,"name":"Pol\u00edtica de privacidade"}]},{"@type":"WebSite","@id":"https:\/\/www.metrica-global.com\/#website","url":"https:\/\/www.metrica-global.com\/","name":"METRICA","description":"Servicios Globales IT","publisher":{"@id":"https:\/\/www.metrica-global.com\/#organization"},"potentialAction":[{"@type":"SearchAction","target":{"@type":"EntryPoint","urlTemplate":"https:\/\/www.metrica-global.com\/?s={search_term_string}"},"query-input":{"@type":"PropertyValueSpecification","valueRequired":true,"valueName":"search_term_string"}}],"inLanguage":"pt-PT"},{"@type":"Organization","@id":"https:\/\/www.metrica-global.com\/#organization","name":"METRICA","url":"https:\/\/www.metrica-global.com\/","logo":{"@type":"ImageObject","inLanguage":"pt-PT","@id":"https:\/\/www.metrica-global.com\/#\/schema\/logo\/image\/","url":"https:\/\/www.metrica-global.com\/wp-content\/uploads\/2023\/12\/logo-metrica.png","contentUrl":"https:\/\/www.metrica-global.com\/wp-content\/uploads\/2023\/12\/logo-metrica.png","width":332,"height":58,"caption":"METRICA"},"image":{"@id":"https:\/\/www.metrica-global.com\/#\/schema\/logo\/image\/"}}]}},"_links":{"self":[{"href":"https:\/\/www.metrica-global.com\/pt\/wp-json\/wp\/v2\/pages\/6767","targetHints":{"allow":["GET"]}}],"collection":[{"href":"https:\/\/www.metrica-global.com\/pt\/wp-json\/wp\/v2\/pages"}],"about":[{"href":"https:\/\/www.metrica-global.com\/pt\/wp-json\/wp\/v2\/types\/page"}],"author":[{"embeddable":true,"href":"https:\/\/www.metrica-global.com\/pt\/wp-json\/wp\/v2\/users\/1"}],"replies":[{"embeddable":true,"href":"https:\/\/www.metrica-global.com\/pt\/wp-json\/wp\/v2\/comments?post=6767"}],"version-history":[{"count":8,"href":"https:\/\/www.metrica-global.com\/pt\/wp-json\/wp\/v2\/pages\/6767\/revisions"}],"predecessor-version":[{"id":12670,"href":"https:\/\/www.metrica-global.com\/pt\/wp-json\/wp\/v2\/pages\/6767\/revisions\/12670"}],"wp:attachment":[{"href":"https:\/\/www.metrica-global.com\/pt\/wp-json\/wp\/v2\/media?parent=6767"}],"curies":[{"name":"wp","href":"https:\/\/api.w.org\/{rel}","templated":true}]}}